{"id":241167,"date":"2022-09-21T09:20:35","date_gmt":"2022-09-21T07:20:35","guid":{"rendered":"https:\/\/pronea.sk\/?page_id=241167"},"modified":"2022-10-26T09:41:56","modified_gmt":"2022-10-26T07:41:56","slug":"konferencia-bttf-2022","status":"publish","type":"page","link":"https:\/\/pronea.sk\/en\/konferencia-bttf-2022\/","title":{"rendered":"Konferencia BttF 2022"},"content":{"rendered":"<p>[et_pb_section fb_built=&#8220;1&#8243; _builder_version=&#8220;4.18.0&#8243; _module_preset=&#8220;default&#8220; background_color=&#8220;#000000&#8243; custom_margin=&#8220;0px||0px||true|false&#8220; custom_padding=&#8220;0px||0px||true|false&#8220; global_colors_info=&#8220;{}&#8220;][et_pb_row _builder_version=&#8220;4.18.0&#8243; _module_preset=&#8220;default&#8220; width=&#8220;100%&#8220; max_width=&#8220;100%&#8220; custom_margin=&#8220;0px||0px||false|false&#8220; custom_padding=&#8220;0px||0px||false|false&#8220; global_colors_info=&#8220;{}&#8220;][et_pb_column type=&#8220;4_4&#8243; _builder_version=&#8220;4.18.0&#8243; _module_preset=&#8220;default&#8220; global_colors_info=&#8220;{}&#8220;][et_pb_image src=&#8220;https:\/\/pronea.sk\/wp-content\/uploads\/2022\/09\/Konferencia-BttF_Desktop.jpg&#8220; title_text=&#8220;Konferencia BttF_Mobile&#8220; align=&#8220;center&#8220; src_tablet=&#8220;https:\/\/pronea.sk\/wp-content\/uploads\/2022\/09\/Konferencia-BttF_Mobile.jpg&#8220; src_phone=&#8220;https:\/\/pronea.sk\/wp-content\/uploads\/2022\/09\/Konferencia-BttF_Mobile.jpg&#8220; src_last_edited=&#8220;on|phone&#8220; _builder_version=&#8220;4.18.0&#8243; _module_preset=&#8220;default&#8220; global_colors_info=&#8220;{}&#8220;][\/et_pb_image][\/et_pb_column][\/et_pb_row][\/et_pb_section][et_pb_section fb_built=&#8220;1&#8243; _builder_version=&#8220;4.18.0&#8243; _module_preset=&#8220;default&#8220; global_colors_info=&#8220;{}&#8220;][et_pb_row column_structure=&#8220;1_2,1_2&#8243; _builder_version=&#8220;4.18.0&#8243; _module_preset=&#8220;default&#8220; width=&#8220;90%&#8220; max_width=&#8220;90%&#8220; global_colors_info=&#8220;{}&#8220;][et_pb_column type=&#8220;1_2&#8243; _builder_version=&#8220;4.18.0&#8243; _module_preset=&#8220;default&#8220; animation_style=&#8220;slide&#8220; animation_direction=&#8220;left&#8220; global_colors_info=&#8220;{}&#8220;][et_pb_text _builder_version=&#8220;4.18.0&#8243; _module_preset=&#8220;default&#8220; header_font=&#8220;|700|||||||&#8220; header_text_color=&#8220;#000000&#8243; header_font_size=&#8220;3rem&#8220; custom_margin=&#8220;||0px||false|false&#8220; custom_padding=&#8220;||0px||false|false&#8220; global_colors_info=&#8220;{}&#8220;]<\/p>\n<h1>Misia konferencie<\/h1>\n<p>[\/et_pb_text][et_pb_text _builder_version=&#8220;4.18.0&#8243; _module_preset=&#8220;default&#8220; text_font_size=&#8220;1.5rem&#8220; text_line_height=&#8220;1.5em&#8220; global_colors_info=&#8220;{}&#8220;]Svet vzdel\u00e1vania a svet podnikania sa ve\u013emi od seba vz\u010fa\u013euj\u00fa a \u013eudia v t\u00fdchto dvoch cie\u013eov\u00fdch skupin\u00e1ch si nerozumej\u00fa. Na\u0161im poslan\u00edm je tieto svety a \u013eud\u00ed v nich prepoji\u0165, pribl\u00ed\u017ei\u0165 a vytv\u00e1ra\u0165 rovnocenn\u00e9 vz\u00e1jomn\u00e9 partnerstvo a synergiu. Taktie\u017e chceme zacieli\u0165 na regi\u00f3n Hornej Nitry, kde podobn\u00fd form\u00e1t konferencie dlhodobo absentuje.[\/et_pb_text][\/et_pb_column][et_pb_column type=&#8220;1_2&#8243; _builder_version=&#8220;4.18.0&#8243; _module_preset=&#8220;default&#8220; animation_style=&#8220;slide&#8220; animation_direction=&#8220;right&#8220; global_colors_info=&#8220;{}&#8220;][et_pb_text _builder_version=&#8220;4.18.0&#8243; _module_preset=&#8220;default&#8220; header_font=&#8220;|700|||||||&#8220; header_text_color=&#8220;#000000&#8243; header_font_size=&#8220;3rem&#8220; custom_margin=&#8220;||0px||false|false&#8220; custom_padding=&#8220;||0px||false|false&#8220; global_colors_info=&#8220;{}&#8220;]<\/p>\n<h1><span>N\u00e1\u0161 cie\u013e<\/span><\/h1>\n<p>[\/et_pb_text][et_pb_text _builder_version=&#8220;4.18.0&#8243; _module_preset=&#8220;default&#8220; text_font_size=&#8220;1.5rem&#8220; text_line_height=&#8220;1.5em&#8220; global_colors_info=&#8220;{}&#8220;]Zameriame sa na d\u00f4le\u017eitos\u0165 nazera\u0165 na seba a na druh\u00fdch cez talenty a siln\u00e9 str\u00e1nky. Ve\u013emi \u010dasto sa toti\u017e nespr\u00e1vne s\u00fastred\u00edme na to, \u010do n\u00e1m nejde, v \u010dom sme najslab\u0161\u00ed. Siln\u00e9 str\u00e1nky a\u017e tak nerie\u0161ime. Zameriame sa na to, ako talenty rozv\u00edja\u0165 v organiz\u00e1ci\u00ed a v t\u00edmovom prostred\u00ed. A ako naplno pre\u017e\u00edva\u0165 v\u010faka sebapoznaniu svoje poslanie, povolanie.[\/et_pb_text][\/et_pb_column][\/et_pb_row][\/et_pb_section][et_pb_section fb_built=&#8220;1&#8243; _builder_version=&#8220;4.18.0&#8243; _module_preset=&#8220;default&#8220; global_colors_info=&#8220;{}&#8220;][et_pb_row _builder_version=&#8220;4.18.0&#8243; _module_preset=&#8220;default&#8220; width=&#8220;90%&#8220; max_width=&#8220;90%&#8220; global_colors_info=&#8220;{}&#8220;][et_pb_column type=&#8220;4_4&#8243; _builder_version=&#8220;4.18.0&#8243; _module_preset=&#8220;default&#8220; global_colors_info=&#8220;{}&#8220;][et_pb_text _builder_version=&#8220;4.18.0&#8243; _module_preset=&#8220;default&#8220; header_font=&#8220;|700|||||||&#8220; header_text_color=&#8220;#000000&#8243; header_font_size=&#8220;3rem&#8220; custom_margin=&#8220;||0px||false|false&#8220; custom_padding=&#8220;||0px||false|false&#8220; global_colors_info=&#8220;{}&#8220;]<\/p>\n<h1>Sp\u00edkri na konferencii<\/h1>\n<p>[\/et_pb_text][\/et_pb_column][\/et_pb_row][et_pb_row column_structure=&#8220;1_4,1_4,1_4,1_4&#8243; use_custom_gutter=&#8220;on&#8220; gutter_width=&#8220;2&#8243; make_equal=&#8220;on&#8220; _builder_version=&#8220;4.18.0&#8243; _module_preset=&#8220;default&#8220; width=&#8220;90%&#8220; max_width=&#8220;90%&#8220; animation_style=&#8220;slide&#8220; animation_direction=&#8220;bottom&#8220; global_colors_info=&#8220;{}&#8220;][et_pb_column type=&#8220;1_4&#8243; _builder_version=&#8220;4.18.0&#8243; _module_preset=&#8220;default&#8220; global_colors_info=&#8220;{}&#8220;][et_pb_image src=&#8220;https:\/\/pronea.sk\/wp-content\/uploads\/2022\/10\/Martin-Kuruc-1.png&#8220; title_text=&#8220;Martin Kuruc&#8220; _builder_version=&#8220;4.18.0&#8243; _module_preset=&#8220;default&#8220; custom_margin=&#8220;||10px||false|false&#8220; custom_padding=&#8220;||||false|false&#8220; border_radii=&#8220;on|7px|7px|7px|7px&#8220; global_colors_info=&#8220;{}&#8220;][\/et_pb_image][et_pb_text _builder_version=&#8220;4.18.0&#8243; _module_preset=&#8220;default&#8220; header_font_size=&#8220;2rem&#8220; header_3_font_size=&#8220;1.4rem&#8220; header_3_line_height=&#8220;1.3em&#8220; custom_margin=&#8220;0px||0px||false|false&#8220; custom_padding=&#8220;0px||0px||false|false&#8220; global_colors_info=&#8220;{}&#8220;]<\/p>\n<h1><strong>Martin Kuruc<\/strong><\/h1>\n<h3><strong>vysoko\u0161kolsk\u00fd pedag\u00f3g, lektor, expert na vzdel\u00e1vanie <\/strong><\/h3>\n<p>[\/et_pb_text][et_pb_text _builder_version=&#8220;4.18.0&#8243; _module_preset=&#8220;default&#8220; text_font_size=&#8220;1.2rem&#8220; custom_margin=&#8220;0px||||false|false&#8220; custom_padding=&#8220;0px||||false|false&#8220; global_colors_info=&#8220;{}&#8220;]<\/p>\n<p>Martin p\u00f4sob\u00ed ako pedag\u00f3g na Katedre pedagogiky a soci\u00e1lnej pedagogiky, PF UK v Bratislave. Venuje sa hlavne t\u00e9mam sebaregul\u00e1cie a motiv\u00e1cie \u017eiakov. V pedagogickej \u010dinnosti sa s\u00fastred\u00ed na oblas\u0165 pedagogickej diagnostiky a alternat\u00edvnych koncepci\u00ed vo vzdel\u00e1van\u00ed. Tie\u017e vedie tr\u00e9ning komunika\u010dn\u00fdch zru\u010dnost\u00ed pre u\u010dite\u013eov a tr\u00e9ning z\u00e1\u017eitkovej pedagogiky.<\/p>\n<p>[\/et_pb_text][\/et_pb_column][et_pb_column type=&#8220;1_4&#8243; _builder_version=&#8220;4.18.0&#8243; _module_preset=&#8220;default&#8220; global_colors_info=&#8220;{}&#8220;][et_pb_image src=&#8220;https:\/\/pronea.sk\/wp-content\/uploads\/2022\/10\/Katka-Medvecova-Plichtova-1.jpg&#8220; title_text=&#8220;Katka Medvecov\u00e1 Plichtov\u00e1&#8220; _builder_version=&#8220;4.18.0&#8243; _module_preset=&#8220;default&#8220; custom_margin=&#8220;||10px||false|false&#8220; custom_padding=&#8220;||||false|false&#8220; border_radii=&#8220;on|7px|7px|7px|7px&#8220; global_colors_info=&#8220;{}&#8220;][\/et_pb_image][et_pb_text _builder_version=&#8220;4.18.0&#8243; _module_preset=&#8220;default&#8220; header_font_size=&#8220;2rem&#8220; header_3_font_size=&#8220;1.4rem&#8220; header_3_line_height=&#8220;1.3em&#8220; custom_margin=&#8220;0px||0px||false|false&#8220; custom_padding=&#8220;0px||0px||false|false&#8220; global_colors_info=&#8220;{}&#8220;]<\/p>\n<h1><strong>Katka Medvecov\u00e1 Plichtov\u00e1<\/strong><\/h1>\n<h3><strong>Certifikovan\u00fd kou\u010d svetovej organiz\u00e1cie Gallup na rozvoj talentov a siln\u00fdch str\u00e1nok<\/strong><\/h3>\n<p>[\/et_pb_text][et_pb_text _builder_version=&#8220;4.18.0&#8243; _module_preset=&#8220;default&#8220; text_font_size=&#8220;1.2rem&#8220; custom_margin=&#8220;0px||||false|false&#8220; custom_padding=&#8220;0px||||false|false&#8220; global_colors_info=&#8220;{}&#8220;]<\/p>\n<p>Katka p\u00f4sobila 16 rokov v pois\u0165ovn\u00edctve, odkia\u013e m\u00e1 bohat\u00e9 \u00a0sk\u00fasenosti z korpor\u00e1ci\u00ed a obchodu. Za\u017eila ako efekt\u00edvne m\u00f4\u017eu spolupracova\u0165 t\u00edmy a stava\u0165 na siln\u00fdch str\u00e1nkach jednotlivcov, \u010di cel\u00e9ho t\u00edmu, a dosahova\u0165 tak jedine\u010dn\u00e9 v\u00fdsledky. Ako Gallup &#8211; Certified Strengths kou\u010d pom\u00e1ha jednotlivcom aj t\u00edmom rozv\u00edja\u0165 ich talenty, aby lep\u0161ie spoznali sam\u00fdch seba a dosiahli tak pozit\u00edvne zmeny v pr\u00e1ci, aj v osobnom \u017eivote.<\/p>\n<p>[\/et_pb_text][\/et_pb_column][et_pb_column type=&#8220;1_4&#8243; _builder_version=&#8220;4.18.0&#8243; _module_preset=&#8220;default&#8220; global_colors_info=&#8220;{}&#8220;][et_pb_image src=&#8220;https:\/\/pronea.sk\/wp-content\/uploads\/2022\/10\/Rudolf-Tesar.jpg&#8220; title_text=&#8220;Rudolf Tes\u00e1r&#8220; _builder_version=&#8220;4.18.0&#8243; _module_preset=&#8220;default&#8220; custom_margin=&#8220;||10px||false|false&#8220; custom_padding=&#8220;||||false|false&#8220; border_radii=&#8220;on|7px|7px|7px|7px&#8220; global_colors_info=&#8220;{}&#8220;][\/et_pb_image][et_pb_text _builder_version=&#8220;4.18.0&#8243; _module_preset=&#8220;default&#8220; header_font_size=&#8220;2rem&#8220; header_3_font_size=&#8220;1.4rem&#8220; header_3_line_height=&#8220;1.3em&#8220; custom_margin=&#8220;0px||0px||false|false&#8220; custom_padding=&#8220;0px||0px||false|false&#8220; global_colors_info=&#8220;{}&#8220;]<\/p>\n<h1><strong>Rudolf Tes\u00e1r<\/strong><\/h1>\n<h3><strong>Edtech podnikate\u013e, tr\u00e9ner a kou\u010d, vizion\u00e1r<\/strong><\/h3>\n<p>[\/et_pb_text][et_pb_text _builder_version=&#8220;4.18.0&#8243; _module_preset=&#8220;default&#8220; text_font_size=&#8220;1.2rem&#8220; custom_margin=&#8220;0px||||false|false&#8220; custom_padding=&#8220;0px||||false|false&#8220; global_colors_info=&#8220;{}&#8220;]<\/p>\n<p>Rudolf je Edtech podnikate\u013e, tr\u00e9ner a kou\u010d, vizion\u00e1r, spolutvorca aplik\u00e1ci\u00ed zvy\u0161uj\u00facich v\u00fdkonnos\u0165 a u\u010denie t\u00edmov. Tvoril tr\u00e9ningov\u00e9 programy pre r\u00f4zne ve\u013ek\u00e9 firmy a spolo\u010dnosti. V s\u00fa\u010dasnosti sa zameriava na dve oblasti: dizajn a v\u00fdvoj aplik\u00e1ci\u00ed umo\u017e\u0148uj\u00facich t\u00edmov\u00e9 u\u010denie zalo\u017een\u00e9 na empatii, kolekt\u00edvnej inteligencii, ak\u010dnom u\u010den\u00ed a sp\u00e4tnej v\u00e4zbe. Jeho druhou profesion\u00e1lnou v\u00e1\u0161\u0148ou je bud\u00facnos\u0165 individu\u00e1lneho a t\u00edmov\u00e9ho rozvoja obohaten\u00e9ho o roz\u0161\u00edren\u00fa realitu.<\/p>\n<p>[\/et_pb_text][\/et_pb_column][et_pb_column type=&#8220;1_4&#8243; _builder_version=&#8220;4.18.0&#8243; _module_preset=&#8220;default&#8220; global_colors_info=&#8220;{}&#8220;][et_pb_image src=&#8220;https:\/\/pronea.sk\/wp-content\/uploads\/2022\/10\/Iva-Kleinova.jpg&#8220; title_text=&#8220;Iva Kleinov\u00e1&#8220; _builder_version=&#8220;4.18.0&#8243; _module_preset=&#8220;default&#8220; custom_margin=&#8220;||10px||false|false&#8220; custom_padding=&#8220;||||false|false&#8220; border_radii=&#8220;on|7px|7px|7px|7px&#8220; global_colors_info=&#8220;{}&#8220;][\/et_pb_image][et_pb_text _builder_version=&#8220;4.18.0&#8243; _module_preset=&#8220;default&#8220; header_font_size=&#8220;2rem&#8220; header_3_font_size=&#8220;1.4rem&#8220; header_3_line_height=&#8220;1.3em&#8220; custom_margin=&#8220;0px||0px||false|false&#8220; custom_padding=&#8220;0px||0px||false|false&#8220; global_colors_info=&#8220;{}&#8220;]<\/p>\n<h1><strong>Iva Kleinov\u00e1<\/strong><\/h1>\n<h3><strong>\u00darad vl\u00e1dy SR, Riadite\u013eka odboru strat\u00e9gie, Sekcia v\u00fdskumu, v\u00fdvoja a inov\u00e1ci\u00ed<\/strong><\/h3>\n<p>[\/et_pb_text][et_pb_text _builder_version=&#8220;4.18.0&#8243; _module_preset=&#8220;default&#8220; text_font_size=&#8220;1.2rem&#8220; custom_margin=&#8220;0px||||false|false&#8220; custom_padding=&#8220;0px||||false|false&#8220; global_colors_info=&#8220;{}&#8220;]<\/p>\n<p>Iva vedie pr\u00edpravu N\u00e1rodnej strat\u00e9gie pre v\u00fdskum, v\u00fdvoj a inov\u00e1cie na \u00darade vl\u00e1dy. V minulosti p\u00f4sobila v priv\u00e1tnom sektore (McKinsey&amp;Company, HB Reavis), vzdel\u00e1van\u00ed (LEAF, CERGE-EI) a verejnej sf\u00e9re (Ministerstvo financi\u00ed SR, Fire Deparment of New York, UNDP). P\u00f4sobila ako z\u00e1stupky\u0148a splnomocnenca pre vedomostn\u00fa ekonomiku na Ministerstve financi\u00ed SR. Vy\u0161tudovala bakal\u00e1ra na Princeton University a verejn\u00fa spr\u00e1vu na Columbia University v USA.<\/p>\n<p>[\/et_pb_text][\/et_pb_column][\/et_pb_row][et_pb_row column_structure=&#8220;1_4,1_4,1_4,1_4&#8243; use_custom_gutter=&#8220;on&#8220; gutter_width=&#8220;2&#8243; make_equal=&#8220;on&#8220; _builder_version=&#8220;4.18.0&#8243; _module_preset=&#8220;default&#8220; width=&#8220;90%&#8220; max_width=&#8220;90%&#8220; animation_style=&#8220;slide&#8220; animation_direction=&#8220;bottom&#8220; global_colors_info=&#8220;{}&#8220;][et_pb_column type=&#8220;1_4&#8243; _builder_version=&#8220;4.18.0&#8243; _module_preset=&#8220;default&#8220; global_colors_info=&#8220;{}&#8220;][et_pb_image src=&#8220;https:\/\/pronea.sk\/wp-content\/uploads\/2022\/10\/Vladimir-Sucha.jpg&#8220; title_text=&#8220;Vladim\u00edr \u0160ucha&#8220; _builder_version=&#8220;4.18.0&#8243; _module_preset=&#8220;default&#8220; custom_margin=&#8220;||10px||false|false&#8220; custom_padding=&#8220;||||false|false&#8220; border_radii=&#8220;on|7px|7px|7px|7px&#8220; global_colors_info=&#8220;{}&#8220;][\/et_pb_image][et_pb_text _builder_version=&#8220;4.18.0&#8243; _module_preset=&#8220;default&#8220; header_font_size=&#8220;2rem&#8220; header_3_font_size=&#8220;1.4rem&#8220; header_3_line_height=&#8220;1.3em&#8220; custom_margin=&#8220;0px||0px||false|false&#8220; custom_padding=&#8220;0px||0px||false|false&#8220; global_colors_info=&#8220;{}&#8220;]<\/p>\n<h1><strong>Vladim\u00edr \u0160ucha<\/strong><\/h1>\n<h3><strong>ved\u00faci Zast\u00fapenia Eur\u00f3pskej komisie na Slovensku, vedec, vysoko\u0161kolsk\u00fd pedag\u00f3g, mana\u017e\u00e9r<\/strong><\/h3>\n<p>[\/et_pb_text][et_pb_text _builder_version=&#8220;4.18.0&#8243; _module_preset=&#8220;default&#8220; text_font_size=&#8220;1.2rem&#8220; custom_margin=&#8220;0px||||false|false&#8220; custom_padding=&#8220;0px||||false|false&#8220; global_colors_info=&#8220;{}&#8220;]<\/p>\n<p>Vladim\u00edr je ved\u00facim Zast\u00fapenia Eur\u00f3pskej komisie na Slovensku. Bol predsedom Rezortnej koordina\u010dnej skupiny pre eur\u00f3pske z\u00e1le\u017eitosti <span>Ministerstva \u0161kolstva SR<\/span>. Bol \u010dlenom slovensk\u00e9ho t\u00edmu, ktor\u00fd v Bruseli vyjedn\u00e1val vstup Slovenska do E\u00da. Spoluzakladal <span>Agent\u00faru na podporu v\u00fdskumu a v\u00fdvoja v Bratislave<\/span>, ktor\u00fa kr\u00e1tko viedol ako riadite\u013e. Pracoval pre <span>Eur\u00f3psku komisiu<\/span>\u00a0v <span>Bruseli<\/span>, kde tie\u017e p\u00f4sobil ako riadite\u013e direktori\u00e1tu pre vzdel\u00e1vanie a kult\u00faru. Stal sa gener\u00e1lnym riadite\u013eom <span>Spolo\u010dn\u00e9ho v\u00fdskumn\u00e9ho centra E<\/span>K a najvy\u0161\u0161ie postaven\u00fdm slovensk\u00fdm euro\u00faradn\u00edkom. V roku 2021 bol vyslan\u00fd EK do UNESCO v Par\u00ed\u017ei.<\/p>\n<p>[\/et_pb_text][\/et_pb_column][et_pb_column type=&#8220;1_4&#8243; _builder_version=&#8220;4.18.0&#8243; _module_preset=&#8220;default&#8220; global_colors_info=&#8220;{}&#8220;][et_pb_image src=&#8220;https:\/\/pronea.sk\/wp-content\/uploads\/2022\/10\/Daniela-Daubnerova.jpg&#8220; title_text=&#8220;Daniela Daubnerov\u00e1&#8220; force_fullwidth=&#8220;on&#8220; _builder_version=&#8220;4.18.0&#8243; _module_preset=&#8220;default&#8220; custom_margin=&#8220;||10px||false|false&#8220; custom_padding=&#8220;||||false|false&#8220; border_radii=&#8220;on|7px|7px|7px|7px&#8220; global_colors_info=&#8220;{}&#8220;][\/et_pb_image][et_pb_text _builder_version=&#8220;4.18.0&#8243; _module_preset=&#8220;default&#8220; header_font_size=&#8220;2rem&#8220; header_3_font_size=&#8220;1.4rem&#8220; header_3_line_height=&#8220;1.3em&#8220; custom_margin=&#8220;0px||0px||false|false&#8220; custom_padding=&#8220;0px||0px||false|false&#8220; global_colors_info=&#8220;{}&#8220;]<\/p>\n<h1><strong>Daniela Daubnerov\u00e1<\/strong><\/h1>\n<h3><strong>certifikovan\u00e1 tr\u00e9nerka a kou\u010dka, dizajn\u00e9rka rozvojov\u00fdch projektov<\/strong><\/h3>\n<p>[\/et_pb_text][et_pb_text _builder_version=&#8220;4.18.0&#8243; _module_preset=&#8220;default&#8220; text_font_size=&#8220;1.2rem&#8220; custom_margin=&#8220;0px||||false|false&#8220; custom_padding=&#8220;0px||||false|false&#8220; global_colors_info=&#8220;{}&#8220;]<\/p>\n<p>Daniela sa v oblasti rozvoja \u013eud\u00ed a firiem pohybuje u\u017e 20 rokov. Je architektkou a tr\u00e9nerkou transforma\u010dn\u00fdch a rozvojov\u00fdch projektov zmeny pre slovensk\u00e9 a medzin\u00e1rodn\u00e9 firmy, superv\u00edzorkou tr\u00e9nerov, senior kou\u010dka. Vedie workshopy a tr\u00e9ningy pre rozvoj mana\u017ementu a leadershipu, rozvoj osobnej stability, zav\u00e1dzanie zmeny. Venuje sa tie\u017e budovaniu tvoriv\u00fdch komun\u00edt a start up pre transform\u00e1ciu v \u0161kolstve.<\/p>\n<p>[\/et_pb_text][\/et_pb_column][et_pb_column type=&#8220;1_4&#8243; _builder_version=&#8220;4.18.0&#8243; _module_preset=&#8220;default&#8220; global_colors_info=&#8220;{}&#8220;][et_pb_image src=&#8220;https:\/\/pronea.sk\/wp-content\/uploads\/2022\/10\/Stefan-Hanus.jpg&#8220; title_text=&#8220;\u0160tefan Hanus&#8220; _builder_version=&#8220;4.18.0&#8243; _module_preset=&#8220;default&#8220; custom_margin=&#8220;||10px||false|false&#8220; custom_padding=&#8220;||||false|false&#8220; border_radii=&#8220;on|7px|7px|7px|7px&#8220; global_colors_info=&#8220;{}&#8220;][\/et_pb_image][et_pb_text _builder_version=&#8220;4.18.0&#8243; _module_preset=&#8220;default&#8220; header_font_size=&#8220;2rem&#8220; header_3_font_size=&#8220;1.4rem&#8220; header_3_line_height=&#8220;1.3em&#8220; custom_margin=&#8220;0px||0px||false|false&#8220; custom_padding=&#8220;0px||0px||false|false&#8220; global_colors_info=&#8220;{}&#8220;]<\/p>\n<h1><strong>\u0160tefan Hanus<\/strong><\/h1>\n<h3><strong>lektor, konzultant, kou\u010d v oblasti profesijn\u00e9ho a osobn\u00e9ho rozvoja<\/strong><\/h3>\n<p>[\/et_pb_text][et_pb_text _builder_version=&#8220;4.18.0&#8243; _module_preset=&#8220;default&#8220; text_font_size=&#8220;1.2rem&#8220; custom_margin=&#8220;0px||||false|false&#8220; custom_padding=&#8220;0px||||false|false&#8220; global_colors_info=&#8220;{}&#8220;]<\/p>\n<p>\u0160tefan si v minulosti pre\u0161iel cestou od procesn\u00e9ho in\u017einiera, in\u017einiera kvality, mana\u017e\u00e9ra v\u00fdroby a\u017e po gener\u00e1lneho riadite\u013ea v nadn\u00e1rodnej spolo\u010dnosti. M\u00e1 sk\u00fasenost\u00ed v oblasti vedenia t\u00edmov \u013eud\u00ed, riadenia zmien, projektov\u00e9ho riadenie transferov v\u00fdroby. Posledn\u00fdch 5 rokov p\u00f4sob\u00ed hlavne v oblasti vzdel\u00e1vania dospel\u00fdch. Je lektorom vzdel\u00e1vacieho programu Bilancia Kompetenci\u00ed v zmysle metodiky FECBOP.<\/p>\n<p>[\/et_pb_text][\/et_pb_column][et_pb_column type=&#8220;1_4&#8243; _builder_version=&#8220;4.18.0&#8243; _module_preset=&#8220;default&#8220; global_colors_info=&#8220;{}&#8220;][et_pb_image src=&#8220;https:\/\/pronea.sk\/wp-content\/uploads\/2022\/10\/Tomas-Horvath-1.jpg&#8220; title_text=&#8220;Tomas Horvath&#8220; _builder_version=&#8220;4.18.0&#8243; _module_preset=&#8220;default&#8220; custom_margin=&#8220;||10px||false|false&#8220; custom_padding=&#8220;||||false|false&#8220; border_radii=&#8220;on|7px|7px|7px|7px&#8220; global_colors_info=&#8220;{}&#8220;][\/et_pb_image][et_pb_text _builder_version=&#8220;4.18.0&#8243; _module_preset=&#8220;default&#8220; header_font_size=&#8220;2rem&#8220; header_3_font_size=&#8220;1.4rem&#8220; header_3_line_height=&#8220;1.3em&#8220; custom_margin=&#8220;0px||0px||false|false&#8220; custom_padding=&#8220;0px||0px|0px|false|false&#8220; global_colors_info=&#8220;{}&#8220;]<\/p>\n<h1><strong>Tom\u00e1\u0161 Horv\u00e1th<\/strong><\/h1>\n<h3><strong>riadite\u013e odboru podpory neform\u00e1lneho vzdel\u00e1vania v NIVAM, spoluzakladate\u013e sobi.eco<\/strong><\/h3>\n<p>[\/et_pb_text][et_pb_text _builder_version=&#8220;4.18.0&#8243; _module_preset=&#8220;default&#8220; text_font_size=&#8220;1.2rem&#8220; custom_margin=&#8220;0px||||false|false&#8220; custom_padding=&#8220;0px||||false|false&#8220; global_colors_info=&#8220;{}&#8220;]<\/p>\n<p>Tom\u00e1\u0161 je riadite\u013e odboru podpory neform\u00e1lneho vzdel\u00e1vania v N\u00e1rodnom in\u0161tit\u00fate vzdel\u00e1vania a ml\u00e1de\u017ee (NIVaM). P\u00f4sobil v r\u00f4znych sektoroch a m\u00e1 sk\u00fasenosti s projektmi z Eur\u00f3py, Severnej Ameriky a Afriky. Je zakladate\u013eom eko-soci\u00e1lnej zna\u010dky sobi.eco. P\u00f4sobil ako mana\u017e\u00e9r pre zmenu polit\u00edk v Platforme mimovl\u00e1dnych rozvojov\u00fdch organiz\u00e1ci\u00ed, koordinoval projekty UNICEF, spolupracoval ako odborn\u00fd garant na Ministerstve zdravotn\u00edctva SR.<\/p>\n<p>[\/et_pb_text][\/et_pb_column][\/et_pb_row][et_pb_row column_structure=&#8220;1_4,1_4,1_4,1_4&#8243; use_custom_gutter=&#8220;on&#8220; gutter_width=&#8220;2&#8243; make_equal=&#8220;on&#8220; _builder_version=&#8220;4.18.0&#8243; _module_preset=&#8220;default&#8220; width=&#8220;90%&#8220; max_width=&#8220;90%&#8220; animation_style=&#8220;slide&#8220; animation_direction=&#8220;bottom&#8220; global_colors_info=&#8220;{}&#8220;][et_pb_column type=&#8220;1_4&#8243; _builder_version=&#8220;4.18.0&#8243; _module_preset=&#8220;default&#8220; global_colors_info=&#8220;{}&#8220;][et_pb_image src=&#8220;https:\/\/pronea.sk\/wp-content\/uploads\/2022\/10\/Adam-Brocka.jpg&#8220; title_text=&#8220;Adam Brocka&#8220; _builder_version=&#8220;4.18.0&#8243; _module_preset=&#8220;default&#8220; custom_margin=&#8220;||10px||false|false&#8220; custom_padding=&#8220;||||false|false&#8220; border_radii=&#8220;on|7px|7px|7px|7px&#8220; global_colors_info=&#8220;{}&#8220;][\/et_pb_image][et_pb_text _builder_version=&#8220;4.18.0&#8243; _module_preset=&#8220;default&#8220; header_font_size=&#8220;2rem&#8220; header_3_font_size=&#8220;1.4rem&#8220; header_3_line_height=&#8220;1.3em&#8220; custom_margin=&#8220;0px||0px||false|false&#8220; custom_padding=&#8220;0px||0px||false|false&#8220; global_colors_info=&#8220;{}&#8220;]<\/p>\n<h1><strong>Adam Brocka<\/strong><\/h1>\n<h3><strong>dizajn\u00e9r slu\u017eieb a z\u00e1kazn\u00edckej sk\u00fasenosti, certifikovan\u00fd tr\u00e9ner met\u00f3dy Design Thinking<\/strong><\/h3>\n<p>[\/et_pb_text][et_pb_text _builder_version=&#8220;4.18.0&#8243; _module_preset=&#8220;default&#8220; text_font_size=&#8220;1.2rem&#8220; custom_margin=&#8220;0px||||false|false&#8220; custom_padding=&#8220;0px||||false|false&#8220; global_colors_info=&#8220;{}&#8220;]<\/p>\n<p>Adam je service designer a nad\u0161enec kvalitn\u00fdch slu\u017eieb. Organiz\u00e1ci\u00e1m pom\u00e1ha pri zlep\u0161ovan\u00ed slu\u017eieb, rozv\u00edjan\u00ed kult\u00fary orientovanej na z\u00e1kazn\u00edka a tr\u00e9ningoch inova\u010dn\u00fdch zru\u010dnost\u00ed. Spoluzalo\u017eil komunitu Service Design CZ SK a \u0161t\u00fadio Kiuub. M\u00e1 za sebou spolupr\u00e1ce s firmami ako KROS, VSE, Tatra banka, ale aj samospr\u00e1vami ako Mesto Trnava, Trnavsk\u00fd samospr\u00e1vny kraj alebo Mesto Bratislava.<\/p>\n<p>[\/et_pb_text][\/et_pb_column][et_pb_column type=&#8220;1_4&#8243; _builder_version=&#8220;4.18.0&#8243; _module_preset=&#8220;default&#8220; global_colors_info=&#8220;{}&#8220;][et_pb_image src=&#8220;https:\/\/pronea.sk\/wp-content\/uploads\/2022\/10\/Richard-Rostecky.jpg&#8220; title_text=&#8220;Richard Ro\u0161teck\u00fd&#8220; _builder_version=&#8220;4.18.0&#8243; _module_preset=&#8220;default&#8220; custom_margin=&#8220;||10px||false|false&#8220; custom_padding=&#8220;||||false|false&#8220; border_radii=&#8220;on|7px|7px|7px|7px&#8220; global_colors_info=&#8220;{}&#8220;][\/et_pb_image][et_pb_text _builder_version=&#8220;4.18.0&#8243; _module_preset=&#8220;default&#8220; header_font_size=&#8220;2rem&#8220; header_3_font_size=&#8220;1.4rem&#8220; header_3_line_height=&#8220;1.3em&#8220; custom_margin=&#8220;0px||0px||false|false&#8220; custom_padding=&#8220;0px||0px||false|false&#8220; global_colors_info=&#8220;{}&#8220;]<\/p>\n<h1><strong>Richard Ro\u0161teck\u00fd<\/strong><\/h1>\n<h3><strong>spoluzakladate\u013e a v\u00fdkonn\u00fd riadite\u013e Touch4IT<\/strong><\/h3>\n<p>[\/et_pb_text][et_pb_text _builder_version=&#8220;4.18.0&#8243; _module_preset=&#8220;default&#8220; text_font_size=&#8220;1.2rem&#8220; custom_margin=&#8220;0px||||false|false&#8220; custom_padding=&#8220;0px||||false|false&#8220; global_colors_info=&#8220;{}&#8220;]<\/p>\n<p>Richard je jedn\u00fdm zo zakladate\u013eov rast\u00facej spolo\u010dnosti Touch4IT, ktor\u00e1 sa prim\u00e1rne zameriava na v\u00fdvoj mobiln\u00fdch a webov\u00fdch aplik\u00e1ci\u00ed. \u0160pecializuje sa na navrhovanie a tvorbu softv\u00e9ru zameran\u00e9ho na najlep\u0161ie mo\u017en\u00e9 inovat\u00edvne rie\u0161enia, ktor\u00e9 prin\u00e1\u0161aj\u00fa najvy\u0161\u0161iu kvalitu fin\u00e1lneho produktu. Ve\u013ek\u00fa \u010das\u0165 jeho pr\u00e1ce tvor\u00ed vedenie a riadenie \u013eud\u00ed v t\u00edme. V\u010faka svojim dlhoro\u010dn\u00fdm sk\u00fasenostiam dok\u00e1\u017ee \u013eud\u00ed navies\u0165 t\u00fdm spr\u00e1vnym smerom a motivova\u0165 k zlep\u0161eniu ich pracovn\u00e9ho v\u00fdkonu.<\/p>\n<p>[\/et_pb_text][\/et_pb_column][et_pb_column type=&#8220;1_4&#8243; _builder_version=&#8220;4.18.0&#8243; _module_preset=&#8220;default&#8220; global_colors_info=&#8220;{}&#8220;][et_pb_image src=&#8220;https:\/\/pronea.sk\/wp-content\/uploads\/2022\/10\/Dagmar-Motovska.png&#8220; title_text=&#8220;Dagmar M\u00f4\u0165ovsk\u00e1&#8220; _builder_version=&#8220;4.18.0&#8243; _module_preset=&#8220;default&#8220; custom_margin=&#8220;||10px||false|false&#8220; custom_padding=&#8220;||||false|false&#8220; border_radii=&#8220;on|7px|7px|7px|7px&#8220; global_colors_info=&#8220;{}&#8220;][\/et_pb_image][et_pb_text _builder_version=&#8220;4.18.0&#8243; _module_preset=&#8220;default&#8220; header_font_size=&#8220;2rem&#8220; header_3_font_size=&#8220;1.4rem&#8220; header_3_line_height=&#8220;1.3em&#8220; custom_margin=&#8220;0px||0px||false|false&#8220; custom_padding=&#8220;0px||0px||false|false&#8220; global_colors_info=&#8220;{}&#8220;]<\/p>\n<h1><strong>Dagmar M\u00f4\u0165ovsk\u00e1<\/strong><\/h1>\n<h3><strong>garantka vyu\u010dovania Hejn\u00e9ho met\u00f3dy na Slovensku, u\u010dite\u013eka, lektorka<\/strong><\/h3>\n<p>[\/et_pb_text][et_pb_text _builder_version=&#8220;4.18.0&#8243; _module_preset=&#8220;default&#8220; text_font_size=&#8220;1.2rem&#8220; custom_margin=&#8220;0px||||false|false&#8220; custom_padding=&#8220;0px||||false|false&#8220; global_colors_info=&#8220;{}&#8220;]<\/p>\n<p>Dagmar je odbornou garantkou vyu\u010dovania a lektorovania Hejn\u00e9ho met\u00f3dy na Slovensku. Okrem toho je u\u010dite\u013ekou matematiky a informatiky pre \u017eiakov a \u0161tudentov r\u00f4zneho veku a\u017e po u\u010dite\u013eov a rodi\u010dov. Je \u0161kolite\u013ekou pedagogick\u00fdch zru\u010dnost\u00ed a lektorkou kurzov na rozvoj t\u00edmovej spolupr\u00e1ce, komunik\u00e1cie, vedenia \u013eud\u00ed \u010di motiv\u00e1cie. M\u00e1 sk\u00fasenosti s vyu\u010dovan\u00edm na viacer\u00fdch \u0161kol\u00e1ch, tie\u017e pracovala vo finan\u010dn\u00edctve, aj ako projektov\u00e1 mana\u017e\u00e9rka v softv\u00e9rovej firme.<\/p>\n<p>[\/et_pb_text][\/et_pb_column][et_pb_column type=&#8220;1_4&#8243; _builder_version=&#8220;4.18.0&#8243; _module_preset=&#8220;default&#8220; global_colors_info=&#8220;{}&#8220;][et_pb_image src=&#8220;https:\/\/pronea.sk\/wp-content\/uploads\/2022\/10\/Tatiana-Mate-Zini.png&#8220; title_text=&#8220;Tatiana Mate Zini&#8220; _builder_version=&#8220;4.18.0&#8243; _module_preset=&#8220;default&#8220; custom_margin=&#8220;||10px||false|false&#8220; custom_padding=&#8220;||||false|false&#8220; border_radii=&#8220;on|7px|7px|7px|7px&#8220; global_colors_info=&#8220;{}&#8220;][\/et_pb_image][et_pb_text _builder_version=&#8220;4.18.0&#8243; _module_preset=&#8220;default&#8220; header_font_size=&#8220;2rem&#8220; header_3_font_size=&#8220;1.4rem&#8220; header_3_line_height=&#8220;1.3em&#8220; custom_margin=&#8220;0px||0px||false|false&#8220; custom_padding=&#8220;0px||0px||false|false&#8220; global_colors_info=&#8220;{}&#8220;]<\/p>\n<h1><strong>Tatiana Mate Zini<\/strong><\/h1>\n<h3><strong>spoluzakladate\u013eka jazykovej \u0161koly Language House, u\u010dite\u013eka anglick\u00e9ho jazyka<\/strong><\/h3>\n<p>[\/et_pb_text][et_pb_text _builder_version=&#8220;4.18.0&#8243; _module_preset=&#8220;default&#8220; text_font_size=&#8220;1.2rem&#8220; custom_margin=&#8220;0px||||false|false&#8220; custom_padding=&#8220;0px||||false|false&#8220; global_colors_info=&#8220;{}&#8220;]<\/p>\n<p>Tatiana je p\u00f4vodom Braz\u00edl\u010danka, \u0161tudovala a p\u00f4sobila v Bostone, New Yourku a Dubline. V roku 2014 spoluzalo\u017eila s\u00fakromn\u00fa jazykov\u00fa \u0161kolu Language House, ktor\u00e1 sa \u0161pecializuje na v\u00fdu\u010dbu cudz\u00edch jazykov met\u00f3dou \u201cLiving and Learning\u201d. V jazykovej \u0161kole p\u00f4sob\u00ed ako metodick\u00fd a pedagogick\u00fd koordin\u00e1tor a z\u00e1rove\u0148 \u0161kolite\u013e u\u010dite\u013eov. Po\u010das svojej 20 ro\u010dnej pedagogickej praxe vytvorila jedine\u010dn\u00fa z\u00e1\u017eitkov\u00fa met\u00f3du vyu\u010dovania angli\u010dtiny mlad\u0161\u00edch det\u00ed.<\/p>\n<p>[\/et_pb_text][\/et_pb_column][\/et_pb_row][et_pb_row column_structure=&#8220;1_4,1_4,1_4,1_4&#8243; use_custom_gutter=&#8220;on&#8220; gutter_width=&#8220;2&#8243; make_equal=&#8220;on&#8220; _builder_version=&#8220;4.18.0&#8243; _module_preset=&#8220;default&#8220; width=&#8220;90%&#8220; max_width=&#8220;90%&#8220; animation_style=&#8220;slide&#8220; animation_direction=&#8220;bottom&#8220; global_colors_info=&#8220;{}&#8220;][et_pb_column type=&#8220;1_4&#8243; _builder_version=&#8220;4.18.0&#8243; _module_preset=&#8220;default&#8220; global_colors_info=&#8220;{}&#8220;][et_pb_image src=&#8220;https:\/\/pronea.sk\/wp-content\/uploads\/2022\/10\/Eva-Slavicova.jpg&#8220; title_text=&#8220;Eva Sl\u00e1vi\u010dov\u00e1&#8220; _builder_version=&#8220;4.18.0&#8243; _module_preset=&#8220;default&#8220; custom_margin=&#8220;||10px||false|false&#8220; custom_padding=&#8220;||||false|false&#8220; border_radii=&#8220;on|7px|7px|7px|7px&#8220; global_colors_info=&#8220;{}&#8220;][\/et_pb_image][et_pb_text _builder_version=&#8220;4.18.0&#8243; _module_preset=&#8220;default&#8220; header_font_size=&#8220;2rem&#8220; header_3_font_size=&#8220;1.4rem&#8220; header_3_line_height=&#8220;1.3em&#8220; custom_margin=&#8220;0px||0px||false|false&#8220; custom_padding=&#8220;0px||0px||false|false&#8220; global_colors_info=&#8220;{}&#8220;]<\/p>\n<h1><strong>Eva Sl\u00e1vi\u010dov\u00e1<\/strong><\/h1>\n<h3><strong>spoluzakladate\u013eka jazykovej \u0161koly Language House<\/strong><\/h3>\n<p>[\/et_pb_text][et_pb_text _builder_version=&#8220;4.18.0&#8243; _module_preset=&#8220;default&#8220; text_font_size=&#8220;1.2rem&#8220; custom_margin=&#8220;0px||||false|false&#8220; custom_padding=&#8220;0px||||false|false&#8220; global_colors_info=&#8220;{}&#8220;]<\/p>\n<p>Eva vy\u0161tudovala prekladate\u013estvo a tlmo\u010dn\u00edctvo anglick\u00e9ho a rusk\u00e9ho jazyka. P\u00f4sobila v Anglicku, Gr\u00e9cku, Dubaji \u00a0a v\u010faka zamestnaniu v Emirates Airlines precestovala cel\u00fd svet. V roku 2014 spoluzalo\u017eila jazykov\u00fa \u0161kolu Language House, ktor\u00e1 sa \u0161pecializuje na v\u00fdu\u010dbu cudz\u00edch jazykov met\u00f3dou \u201cLiving and Learning\u201d. V Language House p\u00f4sob\u00ed ako \u00a0finan\u010dn\u00e1 a \u0161kolsk\u00e1 koordin\u00e1torka.<\/p>\n<p>[\/et_pb_text][\/et_pb_column][et_pb_column type=&#8220;1_4&#8243; _builder_version=&#8220;4.18.0&#8243; _module_preset=&#8220;default&#8220; global_colors_info=&#8220;{}&#8220;][et_pb_image src=&#8220;https:\/\/pronea.sk\/wp-content\/uploads\/2022\/10\/Daniela-Gubkova.png&#8220; title_text=&#8220;Daniela Gubkov\u00e1&#8220; _builder_version=&#8220;4.18.0&#8243; _module_preset=&#8220;default&#8220; custom_margin=&#8220;||10px||false|false&#8220; custom_padding=&#8220;||||false|false&#8220; border_radii=&#8220;on|7px|7px|7px|7px&#8220; global_colors_info=&#8220;{}&#8220;][\/et_pb_image][et_pb_text _builder_version=&#8220;4.18.0&#8243; _module_preset=&#8220;default&#8220; header_font_size=&#8220;2rem&#8220; header_3_font_size=&#8220;1.4rem&#8220; header_3_line_height=&#8220;1.3em&#8220; custom_margin=&#8220;0px||0px||false|false&#8220; custom_padding=&#8220;0px||0px||false|false&#8220; global_colors_info=&#8220;{}&#8220;]<\/p>\n<h1><strong>Daniela Gubkov\u00e1<\/strong><\/h1>\n<h3><strong>pedag\u00f3g, riadite\u013eka CZ\u0160 s M\u0160 J\u00e1na Krstite\u013ea, lektorka Hejn\u00e9ho met\u00f3dy<\/strong><\/h3>\n<p>[\/et_pb_text][et_pb_text _builder_version=&#8220;4.18.0&#8243; _module_preset=&#8220;default&#8220; text_font_size=&#8220;1.2rem&#8220; custom_margin=&#8220;0px||||false|false&#8220; custom_padding=&#8220;0px||||false|false&#8220; global_colors_info=&#8220;{}&#8220;]<\/p>\n<p>Daniela je riadite\u013ekou CZ\u0160 s M\u0160 J\u00e1na Krstite\u013ea v Partiz\u00e1nskom a z\u00e1rove\u0148 je aj jednou zo zakladatelov tejto \u0161koly, ktor\u00e1 sa sna\u017e\u00ed prin\u00e1\u0161a\u0165 nov\u00fa kl\u00edmu a inov\u00e1cie do \u0161kolstva. Vo svojej pedagogickej praxi sa in\u0161piruje vzdel\u00e1vac\u00edmi syst\u00e9mami zo zahrani\u010dia. Nav\u0161t\u00edvila \u0161koly vo F\u00ednsku a v New Yorku. Podporuje inov\u00e1cie \u00a0vo vzdel\u00e1van\u00ed nielen v \u0161kole, ale aj v r\u00e1mci vzdel\u00e1vania u\u010dite\u013eov cel\u00e9ho Slovenska prostredn\u00edctvom Ind\u00edcie, n.o., \u00a0kde p\u00f4sob\u00ed ako certifikovan\u00e1 lektorka Hejn\u00e9ho met\u00f3dy vyu\u010dovania matematiky.<\/p>\n<p>[\/et_pb_text][\/et_pb_column][et_pb_column type=&#8220;1_4&#8243; _builder_version=&#8220;4.18.0&#8243; _module_preset=&#8220;default&#8220; global_colors_info=&#8220;{}&#8220;][et_pb_image src=&#8220;https:\/\/pronea.sk\/wp-content\/uploads\/2022\/10\/Tatiana-Gulikova.png&#8220; title_text=&#8220;Tatiana Gul\u00edkov\u00e1&#8220; _builder_version=&#8220;4.18.0&#8243; _module_preset=&#8220;default&#8220; custom_margin=&#8220;||10px||false|false&#8220; custom_padding=&#8220;||||false|false&#8220; border_radii=&#8220;on|7px|7px|7px|7px&#8220; global_colors_info=&#8220;{}&#8220;][\/et_pb_image][et_pb_text _builder_version=&#8220;4.18.0&#8243; _module_preset=&#8220;default&#8220; header_font_size=&#8220;2rem&#8220; header_3_font_size=&#8220;1.4rem&#8220; header_3_line_height=&#8220;1.3em&#8220; custom_margin=&#8220;0px||0px||false|false&#8220; custom_padding=&#8220;0px||0px||false|false&#8220; global_colors_info=&#8220;{}&#8220;]<\/p>\n<h1><strong>Tatiana Gul\u00edkov\u00e1<\/strong><\/h1>\n<h3><strong>z\u00e1stupky\u0148a riadite\u013eky CZ\u0160 s M\u0160 J\u00e1na Krstite\u013ea, u\u010dite\u013eka anglick\u00e9ho jazyka<\/strong><\/h3>\n<p>[\/et_pb_text][et_pb_text _builder_version=&#8220;4.18.0&#8243; _module_preset=&#8220;default&#8220; text_font_size=&#8220;1.2rem&#8220; custom_margin=&#8220;0px||||false|false&#8220; custom_padding=&#8220;0px||||false|false&#8220; global_colors_info=&#8220;{}&#8220;]<\/p>\n<p>Tatiana je z\u00e1stupky\u0148ou riadite\u013eky v CZ\u0160 s M\u0160 J\u00e1na Krstite\u013ea a z\u00e1rove\u0148 u\u010dite\u013ekou anglick\u00e9ho jazyka. Zameriava sa na u\u010denie angli\u010dtiny z\u00e1\u017eitkovou met\u00f3dou pomocou inproviza\u010dn\u00fdch a drama techn\u00edk. Je presved\u010den\u00e1, \u017ee \u00a0met\u00f3da CLIL (Content and Language Integrated Learning), integrovan\u00e9 tematick\u00e9 vyu\u010dovanie nejazykov\u00fdch predmetov, pom\u00e1ha de\u0165om nau\u010di\u0165 sa cudz\u00ed jazyk prirodzen\u00fdm sp\u00f4sobom. Z\u00fa\u010dastnila sa viacer\u00fdch u\u010dite\u013esk\u00fdch akad\u00e9mi\u00ed programu Erasmus+, ktor\u00e9 poskytuj\u00fa pr\u00edle\u017eitosti pre mobilitu u\u010dite\u013eov, ich vzdel\u00e1vanie a v\u00fdmenu poznatkov. V minulosti pracovala na r\u00f4znych projektoch z oblasti glob\u00e1lneho a humanit\u00e1rneho vzdel\u00e1vania.<\/p>\n<p>[\/et_pb_text][\/et_pb_column][et_pb_column type=&#8220;1_4&#8243; _builder_version=&#8220;4.18.0&#8243; _module_preset=&#8220;default&#8220; global_colors_info=&#8220;{}&#8220;][et_pb_image src=&#8220;https:\/\/pronea.sk\/wp-content\/uploads\/2022\/10\/Norbert-Maur.jpg&#8220; title_text=&#8220;Norbert Maur&#8220; _builder_version=&#8220;4.18.0&#8243; _module_preset=&#8220;default&#8220; custom_margin=&#8220;||10px||false|false&#8220; custom_padding=&#8220;||||false|false&#8220; border_radii=&#8220;on|7px|7px|7px|7px&#8220; global_colors_info=&#8220;{}&#8220;][\/et_pb_image][et_pb_text _builder_version=&#8220;4.18.0&#8243; _module_preset=&#8220;default&#8220; header_font_size=&#8220;2rem&#8220; header_3_font_size=&#8220;1.4rem&#8220; header_3_line_height=&#8220;1.3em&#8220; custom_margin=&#8220;0px||0px||false|false&#8220; custom_padding=&#8220;0px||0px||false|false&#8220; global_colors_info=&#8220;{}&#8220;]<\/p>\n<h1><strong>Norbert Maur<\/strong><\/h1>\n<h3><strong>senior programov\u00fd mana\u017e\u00e9r Nad\u00e1cia Pontis<\/strong><\/h3>\n<p>[\/et_pb_text][et_pb_text _builder_version=&#8220;4.18.0&#8243; _module_preset=&#8220;default&#8220; text_font_size=&#8220;1.2rem&#8220; custom_margin=&#8220;0px||||false|false&#8220; custom_padding=&#8220;0px||||false|false&#8220; global_colors_info=&#8220;{}&#8220;]<\/p>\n<p>Norbert vedie v Nad\u00e1cii Pontis program Gener\u00e1cia 3.0, ktor\u00fd pom\u00e1ha \u0161\u00edri\u0165 inovat\u00edvne vzdel\u00e1vacie pr\u00edstupy do slovensk\u00fdch \u0161k\u00f4l. \u00a0Zodpoved\u00e1 za odborn\u00e9 vedenie programu, celkov\u00fd mana\u017ement aktiv\u00edt a koordin\u00e1ciu zapojen\u00fdch stakeholderov. Aktu\u00e1lne sa tie\u017e venuje rozvoju n\u00e1strojov na podporu soci\u00e1lnych inov\u00e1ci\u00ed \u2013 sledovanie dopadu, akceler\u00e1tory, \u010di mapovanie soci\u00e1lnych inov\u00e1torov.<\/p>\n<p>[\/et_pb_text][\/et_pb_column][\/et_pb_row][et_pb_row column_structure=&#8220;1_4,1_4,1_4,1_4&#8243; use_custom_gutter=&#8220;on&#8220; gutter_width=&#8220;2&#8243; make_equal=&#8220;on&#8220; _builder_version=&#8220;4.18.0&#8243; _module_preset=&#8220;default&#8220; width=&#8220;90%&#8220; max_width=&#8220;90%&#8220; animation_style=&#8220;slide&#8220; animation_direction=&#8220;bottom&#8220; global_colors_info=&#8220;{}&#8220;][et_pb_column type=&#8220;1_4&#8243; _builder_version=&#8220;4.18.0&#8243; _module_preset=&#8220;default&#8220; global_colors_info=&#8220;{}&#8220;][et_pb_image src=&#8220;https:\/\/pronea.sk\/wp-content\/uploads\/2022\/10\/Miriam-Selepova.jpg&#8220; title_text=&#8220;Miriam \u0160elepov\u00e1&#8220; _builder_version=&#8220;4.18.0&#8243; _module_preset=&#8220;default&#8220; custom_margin=&#8220;||10px||false|false&#8220; custom_padding=&#8220;||||false|false&#8220; border_radii=&#8220;on|7px|7px|7px|7px&#8220; global_colors_info=&#8220;{}&#8220;][\/et_pb_image][et_pb_text _builder_version=&#8220;4.18.0&#8243; _module_preset=&#8220;default&#8220; header_font_size=&#8220;2rem&#8220; header_3_font_size=&#8220;1.4rem&#8220; header_3_line_height=&#8220;1.3em&#8220; custom_margin=&#8220;0px||0px||false|false&#8220; custom_padding=&#8220;0px||0px||false|false&#8220; global_colors_info=&#8220;{}&#8220;]<\/p>\n<h1><strong>Miriam \u0160elepov\u00e1<\/strong><\/h1>\n<h3><strong>projektov\u00e1 mana\u017e\u00e9rka Nad\u00e1cia Pontis<\/strong><\/h3>\n<p>[\/et_pb_text][et_pb_text _builder_version=&#8220;4.18.0&#8243; _module_preset=&#8220;default&#8220; text_font_size=&#8220;1.2rem&#8220; custom_margin=&#8220;0px||||false|false&#8220; custom_padding=&#8220;0px||||false|false&#8220; global_colors_info=&#8220;{}&#8220;]<\/p>\n<p>Miriam vedie v Nad\u00e1cii Pontis rozvojov\u00fd vzdel\u00e1vac\u00ed program Bud\u00facnos\u0165 INAK pre deti od 11 do 14 rokov zameran\u00fd na rozvoj podnikavosti, digit\u00e1lnych a m\u00e4kk\u00fdch zru\u010dnost\u00ed. Zabezpe\u010duje obsahov\u00fa \u010das\u0165 zameran\u00fa na vzdel\u00e1vanie a pr\u00e1cu s \u00fa\u010dastn\u00edkmi, rozv\u00edja mentorsk\u00fd program pre vysoko\u0161kolsk\u00fdch \u0161tudentov a medzisektorov\u00fa spolupr\u00e1cu pri \u0161\u00edren\u00ed programu. Dlhoro\u010dne sa venuje neform\u00e1lnemu a z\u00e1\u017eitkov\u00e9mu vzdel\u00e1vaniu.<\/p>\n<p>[\/et_pb_text][\/et_pb_column][et_pb_column type=&#8220;1_4&#8243; _builder_version=&#8220;4.18.0&#8243; _module_preset=&#8220;default&#8220; global_colors_info=&#8220;{}&#8220;][et_pb_image src=&#8220;https:\/\/pronea.sk\/wp-content\/uploads\/2022\/10\/Juraj-Hips.jpg&#8220; title_text=&#8220;Juraj Hip\u0161&#8220; _builder_version=&#8220;4.18.0&#8243; _module_preset=&#8220;default&#8220; custom_margin=&#8220;||10px||false|false&#8220; custom_padding=&#8220;||||false|false&#8220; border_radii=&#8220;on|7px|7px|7px|7px&#8220; global_colors_info=&#8220;{}&#8220;][\/et_pb_image][et_pb_text _builder_version=&#8220;4.18.0&#8243; _module_preset=&#8220;default&#8220; header_font_size=&#8220;2rem&#8220; header_3_font_size=&#8220;1.4rem&#8220; header_3_line_height=&#8220;1.3em&#8220; custom_margin=&#8220;0px||0px||false|false&#8220; custom_padding=&#8220;0px||0px||false|false&#8220; global_colors_info=&#8220;{}&#8220;]<\/p>\n<h1><strong>Juraj Hip\u0161<\/strong><\/h1>\n<h3><strong>odborn\u00edk na vzdel\u00e1vanie, b\u00fdval\u00fd u\u010dite\u013e, lektor a tvorca inov\u00e1ci\u00ed<\/strong><\/h3>\n<p>[\/et_pb_text][et_pb_text _builder_version=&#8220;4.18.0&#8243; _module_preset=&#8220;default&#8220; text_font_size=&#8220;1.2rem&#8220; custom_margin=&#8220;0px||||false|false&#8220; custom_padding=&#8220;0px||||false|false&#8220; global_colors_info=&#8220;{}&#8220;]<\/p>\n<p><span style=\"font-weight: 400;\">Juraj zalo\u017eil mimovl\u00e1dnu vzdel\u00e1vaciu organiz\u00e1ciu \u017divica, komunitn\u00fa \u0161kolu na zaje\u017eovsk\u00fdch lazoch, program pre nadan\u00fdch mlad\u00fdch \u013eud\u00ed Sokratov in\u0161tit\u00fat ako aj pedagogick\u00fd program Komensk\u00e9ho in\u0161tit\u00fat. St\u00e1l pri zrode ceny U\u010dite\u013e Slovenska, ktor\u00e1 oce\u0148uje kvalitn\u00fdch pedag\u00f3gov a je s\u00fa\u010das\u0165ou prest\u00ed\u017eneho medzin\u00e1rodn\u00e9ho ocenenia Global Teacher Prize. Za pr\u00e1cu v oblasti \u0161kolstva z\u00edskal Cenu MOST za dlhodob\u00fd pr\u00ednos vo vzdel\u00e1van\u00ed, Nad\u00e1cia Orange mu udelila cenu za ob\u010diansku anga\u017eovanos\u0165 a Ashoka foundation s Nad\u00e1ciou Pontis ho zaradili medzi v\u00fdznamn\u00fdch soci\u00e1lnych inov\u00e1torov Slovenska.<\/span><\/p>\n<p>[\/et_pb_text][\/et_pb_column][et_pb_column type=&#8220;1_4&#8243; _builder_version=&#8220;4.18.0&#8243; _module_preset=&#8220;default&#8220; global_colors_info=&#8220;{}&#8220;][et_pb_image src=&#8220;https:\/\/pronea.sk\/wp-content\/uploads\/2022\/10\/Katarina-Kretter.webp&#8220; title_text=&#8220;Katarina Kretter&#8220; _builder_version=&#8220;4.18.0&#8243; _module_preset=&#8220;default&#8220; custom_margin=&#8220;||10px||false|false&#8220; custom_padding=&#8220;||||false|false&#8220; border_radii=&#8220;on|7px|7px|7px|7px&#8220; global_colors_info=&#8220;{}&#8220;][\/et_pb_image][et_pb_text _builder_version=&#8220;4.18.0&#8243; _module_preset=&#8220;default&#8220; header_font_size=&#8220;2rem&#8220; header_3_font_size=&#8220;1.4rem&#8220; header_3_line_height=&#8220;1.3em&#8220; custom_margin=&#8220;0px||0px||false|false&#8220; custom_padding=&#8220;0px||0px||false|false&#8220; global_colors_info=&#8220;{}&#8220;]<\/p>\n<h1><strong>Katar\u00edna Kretter<\/strong><\/h1>\n<h3><strong>riadite\u013eka oddelenia komunik\u00e1cie, OZV ENVI &#8211; PAK<\/strong><\/h3>\n<p>[\/et_pb_text][et_pb_text _builder_version=&#8220;4.18.0&#8243; _module_preset=&#8220;default&#8220; text_font_size=&#8220;1.2rem&#8220; custom_margin=&#8220;0px||||false|false&#8220; custom_padding=&#8220;0px||||false|false&#8220; global_colors_info=&#8220;{}&#8220;]<\/p>\n<p><span style=\"font-weight: 400;\">Katar\u00edna vy\u0161tudovala marketingov\u00fa komunik\u00e1ciu a anglick\u00fd jazyk na Filozofickej fakulte UK v Bratislave. P\u00f4sobila v komunika\u010dn\u00fdch a reklamn\u00fdch agent\u00farach, v ktor\u00fdch sa venovala technol\u00f3gi\u00e1m a zdravotn\u00edckym t\u00e9mam. Od roku 2008 venuje svoju energiu a sk\u00fasenosti organiz\u00e1cii zodpovednosti v\u00fdrobcov ENVI &#8211; PAK, p\u00f4sobiacej v oblasti odpadov, \u017eivotn\u00e9ho prostredia a udr\u017eate\u013enosti. Vedie v nej t\u00edm komunika\u010dn\u00fdch a marketingov\u00fdch expertov.<\/span><\/p>\n<p>[\/et_pb_text][\/et_pb_column][et_pb_column type=&#8220;1_4&#8243; _builder_version=&#8220;4.18.0&#8243; _module_preset=&#8220;default&#8220; global_colors_info=&#8220;{}&#8220;][et_pb_image src=&#8220;https:\/\/pronea.sk\/wp-content\/uploads\/2022\/10\/Juraj-Michalik.png&#8220; title_text=&#8220;Juraj Michalik&#8220; _builder_version=&#8220;4.18.0&#8243; _module_preset=&#8220;default&#8220; custom_margin=&#8220;||10px||false|false&#8220; custom_padding=&#8220;||||false|false&#8220; border_radii=&#8220;on|7px|7px|7px|7px&#8220; global_colors_info=&#8220;{}&#8220;][\/et_pb_image][et_pb_text _builder_version=&#8220;4.18.0&#8243; _module_preset=&#8220;default&#8220; header_font_size=&#8220;2rem&#8220; header_3_font_size=&#8220;1.4rem&#8220; header_3_line_height=&#8220;1.3em&#8220; custom_margin=&#8220;0px||0px||false|false&#8220; custom_padding=&#8220;0px||0px||false|false&#8220; global_colors_info=&#8220;{}&#8220;]<\/p>\n<h1><strong><span>Juraj Michal\u00edk<\/span><\/strong><\/h1>\n<h3><strong><span>gener\u00e1lny riadite\u013e v\u00fdrobn\u00e9ho z\u00e1vodu VELUX v <\/span><span>Partiz\u00e1nskom<\/span><\/strong><\/h3>\n<p>[\/et_pb_text][et_pb_text _builder_version=&#8220;4.18.0&#8243; _module_preset=&#8220;default&#8220; text_font_size=&#8220;1.2rem&#8220; custom_margin=&#8220;0px||||false|false&#8220; custom_padding=&#8220;0px||||false|false&#8220; global_colors_info=&#8220;{}&#8220;]<\/p>\n<p><span>U\u017e viac ako 20 rokov pracuje vo v\u00fdrobnom prostred\u00ed medzin\u00e1rodn\u00fdch <\/span><span>priemyseln\u00fdch firiem. <\/span><span>S\u00fa\u010das\u0165ou d\u00e1nskej spolo\u010dnosti VELUX sa stal v roku 2008. Z\u00edskan\u00e9 <\/span><span>mana\u017e\u00e9rske a l\u00eddersk\u00e9 schopnosti uplat\u0148uje najm\u00e4 pri realiz\u00e1ci\u00ed <\/span><span>firemn\u00fdch strat\u00e9gi\u00ed v lok\u00e1lnych podmienkach, s lok\u00e1lnymi zamestnancami a <\/span><span>komunitami v regi\u00f3ne. Je zameran\u00fd na dlhodob\u00fd rozvoj \u013eud\u00ed, neust\u00e1le <\/span><span>zlep\u0161ovanie procesov a biznisu.<\/span><\/p>\n<p>[\/et_pb_text][\/et_pb_column][\/et_pb_row][et_pb_row column_structure=&#8220;1_4,1_4,1_4,1_4&#8243; use_custom_gutter=&#8220;on&#8220; gutter_width=&#8220;2&#8243; make_equal=&#8220;on&#8220; _builder_version=&#8220;4.18.0&#8243; _module_preset=&#8220;default&#8220; width=&#8220;90%&#8220; max_width=&#8220;90%&#8220; animation_style=&#8220;slide&#8220; animation_direction=&#8220;bottom&#8220; global_colors_info=&#8220;{}&#8220;][et_pb_column type=&#8220;1_4&#8243; _builder_version=&#8220;4.18.0&#8243; _module_preset=&#8220;default&#8220; global_colors_info=&#8220;{}&#8220;][et_pb_image src=&#8220;https:\/\/pronea.sk\/wp-content\/uploads\/2022\/10\/Pavol-Zatko.jpg&#8220; title_text=&#8220;Pavol \u017datko&#8220; _builder_version=&#8220;4.18.0&#8243; _module_preset=&#8220;default&#8220; custom_margin=&#8220;||10px||false|false&#8220; custom_padding=&#8220;||||false|false&#8220; border_radii=&#8220;on|7px|7px|7px|7px&#8220; global_colors_info=&#8220;{}&#8220;][\/et_pb_image][et_pb_text _builder_version=&#8220;4.18.0&#8243; _module_preset=&#8220;default&#8220; header_font_size=&#8220;2rem&#8220; header_3_font_size=&#8220;1.4rem&#8220; header_3_line_height=&#8220;1.3em&#8220; custom_margin=&#8220;0px||0px||false|false&#8220; custom_padding=&#8220;0px||0px||false|false&#8220; global_colors_info=&#8220;{}&#8220;]<\/p>\n<h1><strong>Pavol \u017datko<\/strong><\/h1>\n<h3><strong>zakladate\u013e firmy Bioplant<\/strong><\/h3>\n<p>[\/et_pb_text][et_pb_text _builder_version=&#8220;4.18.0&#8243; _module_preset=&#8220;default&#8220; text_font_size=&#8220;1.2rem&#8220; custom_margin=&#8220;0px||||false|false&#8220; custom_padding=&#8220;0px||||false|false&#8220; global_colors_info=&#8220;{}&#8220;]<\/p>\n<p>Pavol \u017datko je ovocin\u00e1r srdcom aj du\u0161ou u\u017e vy\u0161e 30 rokov. Svoje sk\u00fasenosti pretavuje do firmy Bioplant v Ostraticiach, ktor\u00fa zalo\u017eil a vedie. Jeho snahou je robi\u0165 regi\u00f3n hornej Nitry znesite\u013enej\u0161\u00edm a romantickej\u0161\u00edm miestom pre \u017eivot. Aj preto sa anga\u017euje v r\u00f4znych komun\u00e1lnych projektoch. Najnov\u0161ie rekon\u0161truuje ruinu ka\u0161tie\u013ea v obci Vyso\u010dany, kde chce obnovi\u0165 vin\u00e1rsku trad\u00edciu.<\/p>\n<p>[\/et_pb_text][\/et_pb_column][et_pb_column type=&#8220;1_4&#8243; _builder_version=&#8220;4.18.0&#8243; _module_preset=&#8220;default&#8220; global_colors_info=&#8220;{}&#8220;][\/et_pb_column][et_pb_column type=&#8220;1_4&#8243; _builder_version=&#8220;4.18.0&#8243; _module_preset=&#8220;default&#8220; global_colors_info=&#8220;{}&#8220;][\/et_pb_column][et_pb_column type=&#8220;1_4&#8243; _builder_version=&#8220;4.18.0&#8243; _module_preset=&#8220;default&#8220; global_colors_info=&#8220;{}&#8220;][\/et_pb_column][\/et_pb_row][\/et_pb_section][et_pb_section fb_built=&#8220;1&#8243; _builder_version=&#8220;4.18.0&#8243; _module_preset=&#8220;default&#8220; global_colors_info=&#8220;{}&#8220;][et_pb_row _builder_version=&#8220;4.18.0&#8243; _module_preset=&#8220;default&#8220; width=&#8220;90%&#8220; max_width=&#8220;90%&#8220; global_colors_info=&#8220;{}&#8220;][et_pb_column type=&#8220;4_4&#8243; _builder_version=&#8220;4.18.0&#8243; _module_preset=&#8220;default&#8220; global_colors_info=&#8220;{}&#8220;][et_pb_text _builder_version=&#8220;4.18.0&#8243; _module_preset=&#8220;default&#8220; header_font=&#8220;|700|||||||&#8220; header_text_color=&#8220;#000000&#8243; header_font_size=&#8220;3rem&#8220; custom_margin=&#8220;||0px||false|false&#8220; custom_padding=&#8220;||0px||false|false&#8220; global_colors_info=&#8220;{}&#8220;]<\/p>\n<h1>Prelistujte si n\u00e1\u0161 bulletin<\/h1>\n<p>[\/et_pb_text][\/et_pb_column][\/et_pb_row][et_pb_row _builder_version=&#8220;4.18.0&#8243; _module_preset=&#8220;default&#8220; width=&#8220;90%&#8220; max_width=&#8220;90%&#8220; global_colors_info=&#8220;{}&#8220;][et_pb_column type=&#8220;4_4&#8243; _builder_version=&#8220;4.18.0&#8243; _module_preset=&#8220;default&#8220; global_colors_info=&#8220;{}&#8220;][et_pb_code _builder_version=&#8220;4.18.0&#8243; _module_preset=&#8220;default&#8220; global_colors_info=&#8220;{}&#8220;][dflip id=&#8220;241297&#8243;][\/dflip]\t[\/et_pb_code][\/et_pb_column][\/et_pb_row][\/et_pb_section][et_pb_section fb_built=&#8220;1&#8243; theme_builder_area=&#8220;post_content&#8220; _builder_version=&#8220;4.18.0&#8243; _module_preset=&#8220;default&#8220;][et_pb_row _builder_version=&#8220;4.18.0&#8243; _module_preset=&#8220;default&#8220; width=&#8220;90%&#8220; max_width=&#8220;90%&#8220; global_colors_info=&#8220;{}&#8220; theme_builder_area=&#8220;post_content&#8220;][et_pb_column type=&#8220;4_4&#8243; _builder_version=&#8220;4.18.0&#8243; _module_preset=&#8220;default&#8220; global_colors_info=&#8220;{}&#8220; theme_builder_area=&#8220;post_content&#8220;][et_pb_text _builder_version=&#8220;4.18.0&#8243; _module_preset=&#8220;default&#8220; header_font=&#8220;|700|||||||&#8220; header_text_color=&#8220;#000000&#8243; header_font_size=&#8220;3rem&#8220; custom_margin=&#8220;||0px||false|false&#8220; custom_padding=&#8220;||0px||false|false&#8220; global_colors_info=&#8220;{}&#8220; theme_builder_area=&#8220;post_content&#8220;]<\/p>\n<h1>Pripome\u0148me si spolo\u010dn\u00e9 chv\u00edle<\/h1>\n<p>[\/et_pb_text][\/et_pb_column][\/et_pb_row][et_pb_row _builder_version=&#8220;4.18.0&#8243; _module_preset=&#8220;default&#8220; width=&#8220;90%&#8220; max_width=&#8220;90%&#8220; global_colors_info=&#8220;{}&#8220; theme_builder_area=&#8220;post_content&#8220;][et_pb_column type=&#8220;4_4&#8243; _builder_version=&#8220;4.18.0&#8243; _module_preset=&#8220;default&#8220; global_colors_info=&#8220;{}&#8220; theme_builder_area=&#8220;post_content&#8220;][et_pb_gallery _builder_version=&#8220;4.18.0&#8243; _module_preset=&#8220;default&#8220; theme_builder_area=&#8220;post_content&#8220; gallery_ids=&#8220;241538,241537,241536,241535,241534,241533,241532,241531,241530,241529,241528,241527,241526,241525,241524,241523,241522,241521,241520,241510,241511,241512,241513,241514,241515,241516,241517,241518,241519,241509,241508,241507,241506,241505,241504,241503,241502,241501,241500,241490,241491,241492,241493,241494,241495,241496,241497,241498,241499,241489,241488,241487,241486,241485,241484,241483,241482,241481,241480,241470,241471,241472,241473,241474,241475,241476,241477,241478,241479,241469,241468,241467,241466,241465,241464,241463,241462,241461,241460,241450,241451,241452,241453,241454,241455,241456,241457,241458,241459,241449,241448,241447,241446,241445,241444,241443,241442,241441,241440,241430,241431,241432,241433,241434,241435,241436,241437,241438,241439,241429,241428,241427,241426,241425,241424,241423,241422,241421,241420,241410,241411,241412,241413,241414,241415,241416,241417,241418,241419,241409,241408,241407,241406,241405,241404,241403,241402,241401,241400,241390,241391,241392,241393,241394,241395,241396,241397,241398,241399,241389,241388,241387,241386,241385,241384,241383,241382,241381,241380,241370,241371,241372,241373,241374,241375,241376,241377,241378,241379,241369,241368,241367,241366,241365,241364,241363,241362,241361,241360,241350,241351,241352,241353,241354,241355,241356,241357,241358,241359,241349,241348,241347,241346,241345,241344,241343,241342,241341,241340,241330,241331,241332,241333,241334,241335,241336,241337,241338,241339,241329,241328,241327,241326,241325,241324,241323,241322,241321,241320,241317,241319,241318&#8243; posts_number=&#8220;16&#8243; show_title_and_caption=&#8220;off&#8220; pagination_text_color=&#8220;#000000&#8243; pagination_font_size=&#8220;1.5rem&#8220; hover_enabled=&#8220;0&#8243; sticky_enabled=&#8220;0&#8243;][\/et_pb_gallery][\/et_pb_column][\/et_pb_row][\/et_pb_section][et_pb_section fb_built=&#8220;1&#8243; _builder_version=&#8220;4.18.0&#8243; _module_preset=&#8220;default&#8220; global_colors_info=&#8220;{}&#8220;][et_pb_row column_structure=&#8220;1_2,1_2&#8243; _builder_version=&#8220;4.18.0&#8243; _module_preset=&#8220;default&#8220; width=&#8220;90%&#8220; max_width=&#8220;90%&#8220; global_colors_info=&#8220;{}&#8220;][et_pb_column type=&#8220;1_2&#8243; _builder_version=&#8220;4.18.0&#8243; _module_preset=&#8220;default&#8220; global_colors_info=&#8220;{}&#8220;][et_pb_text _builder_version=&#8220;4.18.0&#8243; _module_preset=&#8220;default&#8220; header_font=&#8220;|700|||||||&#8220; header_text_color=&#8220;#000000&#8243; header_font_size=&#8220;3rem&#8220; custom_margin=&#8220;||0px||false|false&#8220; custom_padding=&#8220;||0px||false|false&#8220; global_colors_info=&#8220;{}&#8220;]<\/p>\n<h1>Partneri konferencie<\/h1>\n<p>[\/et_pb_text][et_pb_image src=&#8220;https:\/\/pronea.sk\/wp-content\/uploads\/2022\/10\/Partneri-1-1.jpg&#8220; title_text=&#8220;Partneri (1)&#8220; _builder_version=&#8220;4.18.0&#8243; _module_preset=&#8220;default&#8220; hover_enabled=&#8220;0&#8243; global_colors_info=&#8220;{}&#8220; sticky_enabled=&#8220;0&#8243;][\/et_pb_image][\/et_pb_column][et_pb_column type=&#8220;1_2&#8243; _builder_version=&#8220;4.18.0&#8243; _module_preset=&#8220;default&#8220; global_colors_info=&#8220;{}&#8220;][et_pb_text _builder_version=&#8220;4.18.0&#8243; _module_preset=&#8220;default&#8220; header_font=&#8220;|700|||||||&#8220; header_text_color=&#8220;#000000&#8243; header_font_size=&#8220;3rem&#8220; custom_margin=&#8220;||0px||false|false&#8220; custom_padding=&#8220;||0px||false|false&#8220; global_colors_info=&#8220;{}&#8220;]<\/p>\n<h1>Z\u00e1\u0161titu prevzali<\/h1>\n<p>[\/et_pb_text][et_pb_image src=&#8220;https:\/\/pronea.sk\/wp-content\/uploads\/2022\/10\/Zastita-1.jpg&#8220; title_text=&#8220;Z\u00e1\u0161tita (1)&#8220; _builder_version=&#8220;4.18.0&#8243; _module_preset=&#8220;default&#8220; global_colors_info=&#8220;{}&#8220;][\/et_pb_image][\/et_pb_column][\/et_pb_row][\/et_pb_section]<\/p>\n","protected":false},"excerpt":{"rendered":"<p>[et_pb_section fb_built=&#8220;1&#8243; _builder_version=&#8220;4.18.0&#8243; _module_preset=&#8220;default&#8220; background_color=&#8220;#000000&#8243; custom_margin=&#8220;0px||0px||true|false&#8220; custom_padding=&#8220;0px||0px||true|false&#8220; global_colors_info=&#8220;{}&#8220;][et_pb_row _builder_version=&#8220;4.18.0&#8243; _module_preset=&#8220;default&#8220; width=&#8220;100%&#8220; max_width=&#8220;100%&#8220; custom_margin=&#8220;0px||0px||false|false&#8220; custom_padding=&#8220;0px||0px||false|false&#8220; global_colors_info=&#8220;{}&#8220;][et_pb_column type=&#8220;4_4&#8243; _builder_version=&#8220;4.18.0&#8243; _module_preset=&#8220;default&#8220; global_colors_info=&#8220;{}&#8220;][et_pb_image src=&#8220;https:\/\/pronea.sk\/wp-content\/uploads\/2022\/09\/Konferencia-BttF_Desktop.jpg&#8220; title_text=&#8220;Konferencia BttF_Mobile&#8220; align=&#8220;center&#8220; src_tablet=&#8220;https:\/\/pronea.sk\/wp-content\/uploads\/2022\/09\/Konferencia-BttF_Mobile.jpg&#8220; src_phone=&#8220;https:\/\/pronea.sk\/wp-content\/uploads\/2022\/09\/Konferencia-BttF_Mobile.jpg&#8220; src_last_edited=&#8220;on|phone&#8220; _builder_version=&#8220;4.18.0&#8243; _module_preset=&#8220;default&#8220; global_colors_info=&#8220;{}&#8220;][\/et_pb_image][\/et_pb_column][\/et_pb_row][\/et_pb_section][et_pb_section fb_built=&#8220;1&#8243; _builder_version=&#8220;4.18.0&#8243; _module_preset=&#8220;default&#8220; global_colors_info=&#8220;{}&#8220;][et_pb_row column_structure=&#8220;1_2,1_2&#8243; _builder_version=&#8220;4.18.0&#8243; _module_preset=&#8220;default&#8220; width=&#8220;90%&#8220; max_width=&#8220;90%&#8220; global_colors_info=&#8220;{}&#8220;][et_pb_column type=&#8220;1_2&#8243; _builder_version=&#8220;4.18.0&#8243; _module_preset=&#8220;default&#8220; animation_style=&#8220;slide&#8220; animation_direction=&#8220;left&#8220; global_colors_info=&#8220;{}&#8220;][et_pb_text _builder_version=&#8220;4.18.0&#8243; _module_preset=&#8220;default&#8220; header_font=&#8220;|700|||||||&#8220; header_text_color=&#8220;#000000&#8243; header_font_size=&#8220;3rem&#8220; custom_margin=&#8220;||0px||false|false&#8220; custom_padding=&#8220;||0px||false|false&#8220; global_colors_info=&#8220;{}&#8220;] Misia konferencie&#8230;<\/p>\n","protected":false},"author":1,"featured_media":0,"parent":0,"menu_order":0,"comment_status":"closed","ping_status":"closed","template":"","meta":{"inline_featured_image":false,"_kad_post_transparent":"","_kad_post_title":"","_kad_post_layout":"","_kad_post_sidebar_id":"","_kad_post_content_style":"","_kad_post_vertical_padding":"","_kad_post_feature":"","_kad_post_feature_position":"","_kad_post_header":false,"_kad_post_footer":false,"_kad_post_classname":"","footnotes":""},"class_list":["post-241167","page","type-page","status-publish","hentry"],"_links":{"self":[{"href":"https:\/\/pronea.sk\/en\/wp-json\/wp\/v2\/pages\/241167","targetHints":{"allow":["GET"]}}],"collection":[{"href":"https:\/\/pronea.sk\/en\/wp-json\/wp\/v2\/pages"}],"about":[{"href":"https:\/\/pronea.sk\/en\/wp-json\/wp\/v2\/types\/page"}],"author":[{"embeddable":true,"href":"https:\/\/pronea.sk\/en\/wp-json\/wp\/v2\/users\/1"}],"replies":[{"embeddable":true,"href":"https:\/\/pronea.sk\/en\/wp-json\/wp\/v2\/comments?post=241167"}],"version-history":[{"count":56,"href":"https:\/\/pronea.sk\/en\/wp-json\/wp\/v2\/pages\/241167\/revisions"}],"predecessor-version":[{"id":241542,"href":"https:\/\/pronea.sk\/en\/wp-json\/wp\/v2\/pages\/241167\/revisions\/241542"}],"wp:attachment":[{"href":"https:\/\/pronea.sk\/en\/wp-json\/wp\/v2\/media?parent=241167"}],"curies":[{"name":"wp","href":"https:\/\/api.w.org\/{rel}","templated":true}]}}